{"id":2981,"date":"2017-04-11T05:37:50","date_gmt":"2017-04-11T05:37:50","guid":{"rendered":"https:\/\/klaraakordeon.cz\/bio\/"},"modified":"2021-05-16T18:28:29","modified_gmt":"2021-05-16T18:28:29","slug":"bio","status":"publish","type":"page","link":"https:\/\/klaraakordeon.cz\/en\/bio\/","title":{"rendered":"Bio"},"content":{"rendered":"<h2 style=\"text-align: center;\">\u00a0Kl\u00e1ra Vesel\u00e1<\/h2>\n<p class=\"p1\" style=\"text-align: center;\"><em><span class=\"Apple-converted-space\">\u00a0<\/span>is a Czech accordionist, singer, composer, and accordion teacher.<\/em><\/p>\n<h4 style=\"text-align: center;\"><a href=\"http:\/\/klaraakordeon.cz\/wp-content\/uploads\/2021\/05\/Image00002-300x200.jpg\" rel=\"thumbnails\" class=\"zoom\"><img loading=\"lazy\" decoding=\"async\" class=\"alignnone size-medium wp-image-3046\" src=\"http:\/\/klaraakordeon.cz\/wp-content\/uploads\/2021\/05\/Image00002-300x200.jpg\" alt=\"\" width=\"300\" height=\"200\" srcset=\"https:\/\/klaraakordeon.cz\/wp-content\/uploads\/2021\/05\/Image00002-300x200.jpg 300w, https:\/\/klaraakordeon.cz\/wp-content\/uploads\/2021\/05\/Image00002-500x334.jpg 500w, https:\/\/klaraakordeon.cz\/wp-content\/uploads\/2021\/05\/Image00002-1024x684.jpg 1024w, https:\/\/klaraakordeon.cz\/wp-content\/uploads\/2021\/05\/Image00002-768x513.jpg 768w, https:\/\/klaraakordeon.cz\/wp-content\/uploads\/2021\/05\/Image00002-1536x1025.jpg 1536w, https:\/\/klaraakordeon.cz\/wp-content\/uploads\/2021\/05\/Image00002.jpg 2048w, https:\/\/klaraakordeon.cz\/wp-content\/uploads\/2021\/05\/Image00002-560x374.jpg 560w\" sizes=\"auto, (max-width: 300px) 100vw, 300px\" \/><\/a><\/h4>\n<p class=\"p1\" style=\"text-align: center;\"><i>\u201cI love singing and playing the accordion. Giving concerts is my huge passion.\u201d<\/i><\/p>\n<p class=\"p1\" style=\"text-align: justify;\">She studied accordion and singing at Brno Conservatory and the Musicology at Masaryk University. Kl\u00e1ra is mostly influenced by Moravian folk, Argentine tango, and by French chanson. She participated in many international and Czech accordion festivals, competitions and workshops led by international artists (Renzo Ruggieri (IT), Fr\u00e9d\u00e9ric Deschamps (FR), Jytte von R\u00fcden (DK), Rodolfo Mederos (ARG) and so on).<\/p>\n<p class=\"p1\" style=\"text-align: justify;\">In the past, she has cooperated on concerts and CDs with many bands such as Cymbel\u00edn (CD T\u011bba 2005), Tom\u00e1\u0161 Ko\u010dko and the orchestra (CD T\u011b\u0161\u00ednsk\u00e9 niebo 2004, Popl\u00f3r 2006, Velesu 2016), Cimbal Classic (CD Mal\u00fd kousek nad zem\u00ed 2009, Betl\u00e9m), also with a folk band Bezobrat\u0159i. She has guested for a rock band Alband J. A. Kronka, also for an ensemble specialised in Argentine tango and Nuevo tango called Tango Quartetto Re. Campo. She has cooperated with several theatres in Brno: National Theatre Brno (operas Juliette, Slzy no\u017ee\/Tears of a Knife, and a ballet Tango), Brno City Theatre (Cabaret, Betlehem) and Husa na prov\u00e1zku Theatre (Goose on a String Theatre, a play Veselka). She has performed with a French chanson singer Joel Bros (CD Avant de partir 2008, a single Vol vers Citadelle 2009), with Zdenek Merta and Zora Jandov\u00e1 (CD Fifty fifty 2008).<span class=\"Apple-converted-space\">\u00a0 <\/span>She has cooperated on concerts with Sv\u011btlana N\u00e1lepkov\u00e1, Chantal Poulain, Marie Puttnerov\u00e1, Vla\u010fka Kr\u010dkov\u00e1 and a guitarist Adam Tvrd\u00fd, and with Diva Baara (CD Debut 2017). Also, she has cooperated with a pianist Zden\u011bk Kr\u00e1l and a mandolin player Martin Kraj\u00ed\u010dek on performing with a string quartet called Indigo Quartet.<\/p>\n<h3 style=\"text-align: justify;\">Hudba:<\/h3>\n<p class=\"p1\" style=\"text-align: justify;\">In 2012 she released her first <a href=\"https:\/\/klaraakordeon.cz\/produkt\/vlnohrani\/\">CD <b>Vlnohran\u00ed<\/b> <\/a>(Cimbal Classic) in which we cand find not only accordion songs, but also the first chansons composed by Kl\u00e1ra. In 2017 she started to cooperate with a guitarist Luciano Mayaci when she composed her first own album called <a href=\"https:\/\/klaraakordeon.cz\/produkt\/hrat-a-zpivat\/\"><b>Hr\u00e1t a zp\u00edvat<\/b> <\/a>(Playing and Singing). In 2019 she released with <b>Kl\u00e1ra Vesel\u00e1&#8217;s trio<\/b> her author&#8217;s CD <a href=\"https:\/\/klaraakordeon.cz\/produkt\/cd-delicia\/\"><b>Delicia<\/b><\/a>. She has cooperated on a digital <a href=\"https:\/\/klaraakordeon.cz\/produkt\/cd-hladina-klara-vesela-mp3\/\"><b>EP Hladina<\/b><\/a> (2020) with a legend of a Czech folk music Karel Mac\u00e1lka.<\/p>\n<p class=\"p1\" style=\"text-align: justify;\">Also, she has cooperated with an accordionist and composer Renzo Ruggieri on a single <i>Qui ed ora<\/i> (2021), and she is preparing a new CD and videoclips called Tady a te\u010f (Here and now, 2021) on which she cooperates with Luciano Mayaci.<\/p>\n<h3 style=\"text-align: justify;\">Pedagogika:<\/h3>\n<p class=\"p1\" style=\"text-align: justify;\">She has worked at several music schools in Brno and in the surroundings. Over ten last years, she has taught tens of accordionists at the age of 5 to 18. Also, she has led several accordion courses and seminars for adults for which she created an e-book <a href=\"https:\/\/klaraakordeon.cz\/produkt\/manual-pro-akordeonisty\/\"><b>Manu\u00e1l pro akordeonisty<\/b><\/a> (Handbook for Accordionists). She has used her experiences from the practice during composing her accordion songs inspired by her students.<\/p>\n<p class=\"p1\" style=\"text-align: justify;\">In 2018 Kl\u00e1ra released a cycle of 17 songs for accordion called <a href=\"https:\/\/klaraakordeon.cz\/produkt\/noty-vesely-akordeon\/\"><b>Vesel\u00fd akordeon<\/b><\/a> (Happy Accordion) which she dedicated to her students. Also, she wrote a workbook for teaching the accordion playing which contains the basic information from the theory of music for the smallest children called <a href=\"https:\/\/klaraakordeon.cz\/produkt\/noty-vesely-akordeon\/\"><b>Vesel\u00fd akordeon d\u011btem<\/b><\/a> (Happy Accordion for Children, 2019). At the turn of 2020 and 2021 she created for accordionists a video school which is totally unique and where the accordionists can find not only a score of the song but also the instructions how to play it. These video schools were released: <a href=\"https:\/\/klaraakordeon.cz\/produkt\/koledy-pro-akordeon\/\"><b>Koledy pro akordeon<\/b><\/a> (Carols for Accordion, 2020), <a href=\"https:\/\/klaraakordeon.cz\/produkt\/lidove-pisnicky-1-vidoeoskola-klary-vesele\/\"><b>Lidov\u00e9 p\u00edsn\u011b 1<\/b><\/a> (Folk Songs 1, 2020) and a cycle of 12 basic \u00e9tudes called <a href=\"https:\/\/klaraakordeon.cz\/produkt\/akordeonovy-rok-videoskola-12-snadnych-etud-pro-akordeon\/\"><b>Akordeonov\u00fd rok<\/b><\/a> (Accordion Year, 2021).<\/p>\n<p class=\"p1\"><b>Musical cooperation:<\/b><\/p>\n<h4 class=\"p2\">Theatre:<span class=\"Apple-converted-space\">\u00a0<\/span><\/h4>\n<ul>\n<li class=\"p2\"><strong>Bethlehem<\/strong>, Brno City Theater.<span class=\"Apple-converted-space\">\u00a0<\/span><\/li>\n<li class=\"p2\"><strong>Cabaret<\/strong>, Brno City Theater.<span class=\"Apple-converted-space\">\u00a0<\/span><\/li>\n<li class=\"p2\"><strong>Veselka<\/strong>, Husa na prov\u00e1zku Theater (Goose on a String Theater)<\/li>\n<li class=\"p2\"><span class=\"Apple-converted-space\">\u00a0<\/span><strong>Juliette<\/strong>, opera of the National Theater Brno.<span class=\"Apple-converted-space\">\u00a0<\/span><\/li>\n<li class=\"p2\"><strong>Slzy no\u017ee<\/strong> (Tears of a Knife), opera of the National Theater Brno.<span class=\"Apple-converted-space\">\u00a0<\/span><\/li>\n<li class=\"p2\"><strong>Tango<\/strong>, ballet of the Brno National Theater.<span class=\"Apple-converted-space\">\u00a0<\/span><\/li>\n<\/ul>\n<h4 class=\"p2\"><b>Courses:<span class=\"Apple-converted-space\">\u00a0<\/span><\/b><\/h4>\n<ul>\n<li class=\"p2\"><strong>Jazz Accordion<\/strong> with the Italian jazzman <strong>Renzo Ruggieri<\/strong> (Val Tidone summer camp 2008)<span class=\"Apple-converted-space\">\u00a0<\/span><\/li>\n<li class=\"p2\"><strong>Interpretation of the Argentine<\/strong> tango with the Argentine bandoneonist <strong>Rodolfo Mederos<\/strong> (2009)<span class=\"Apple-converted-space\">\u00a0<\/span><\/li>\n<li class=\"p2\"><strong>New Accordion Technique<\/strong> with the French accordionist <strong>Fr\u00e9d\u00e9ric Deschamps<\/strong> (2009)<span class=\"Apple-converted-space\">\u00a0<\/span><\/li>\n<li class=\"p2\"><strong>Accordion seminar<\/strong> with the Danish accordionist <strong>Jytte von R\u00fcden<\/strong> (2010)<span class=\"Apple-converted-space\">\u00a0<\/span><\/li>\n<li class=\"p2\"><strong>Accordion and Jazz<\/strong> &#8211; <strong>Renzo Ruggieri<\/strong>&#8216;s Seminar (2011)<span class=\"Apple-converted-space\">\u00a0<\/span><\/li>\n<li class=\"p2\"><strong>Button Accordion<\/strong> &#8211; Jan Meisl&#8217;s seminar (2016)<span class=\"Apple-converted-space\">\u00a0<\/span><\/li>\n<li class=\"p2\"><strong>Accordion methodology<\/strong> &#8211; Jana Hala\u010dov\u00e1&#8217;s seminar (2016)<\/li>\n<\/ul>\n<h4 class=\"p1\"><b>Competitions:<\/b><\/h4>\n<ul class=\"ul1\">\n<li class=\"li5\">&#8211; 1<span class=\"s2\"><sup>st.<\/sup><\/span> place at the central round of nationwide accordion competition of Czech music schools (1999)<\/li>\n<li class=\"li5\">&#8211; 1<span class=\"s2\"><sup>st.<\/sup><\/span> place at the central round of nationwide accordion competition and a title of absolute winner at the 1<span class=\"s2\"><sup>st.<\/sup><\/span> category (2002),<span class=\"Apple-converted-space\">\u00a0<\/span><\/li>\n<li class=\"li5\">&#8211; Certificate of merit at the international accordion competition Coupe Jenuesse (2003, SK)<br \/>\n&#8211; 4 <span class=\"s2\"><sup>th.<\/sup><\/span> place at the international accordion competition Coupe Jenuesse (2004, SK)<\/li>\n<li class=\"li5\">&#8211; 7 <span class=\"s2\"><sup>th.<\/sup><\/span> place at the international accordion competition C.M.A (2004, France)<\/li>\n<li class=\"li2\">&#8211; 3 <span class=\"s2\"><sup>rd.<\/sup><\/span> place at the international accordion competition in Poprad (2005, SK)<\/li>\n<\/ul>\n<div class=\"tx_one\">\n<h3>M\u00e9dia:<\/h3>\n<ul>\n<li><a href=\"https:\/\/www.mujrozhlas.cz\/hudebni-pristav\/klara-vesela-jsem-ti-v-dalce-bliz?fbclid=IwAR11zlOCiXwyyScz0DHd10DaslXof2oz05XniF30KyFe8NFIOqB8rS_kDtc\">EP Hladina v po\u0159adu Hudebn\u00ed p\u0159\u00edstav Milana B\u00e1tora pro \u010cR Ostrava,<\/a><a href=\"https:\/\/www.mujrozhlas.cz\/hudebni-pristav\/klara-vesela-jsem-ti-v-dalce-bliz?fbclid=IwAR11zlOCiXwyyScz0DHd10DaslXof2oz05XniF30KyFe8NFIOqB8rS_kDtc\"> 2020<\/a><\/li>\n<li><a href=\"https:\/\/jazzport.cz\/2020\/05\/31\/pisnickarka-klara-vesela-splyva-s-hladinou\/\">Recenze Jana Hocka na EP Hladina 2020 pro jazzport.cz<\/a><\/li>\n<li><a href=\"https:\/\/www.tvnoe.cz\/porad\/26459-mezi-prazci-leden-2020?fbclid=IwAR2i3XI7LKalvxCBI5ihFWhpQ_RzScQ1EeSeQ2C0r_k1Z5T2BPYwLV-LM5Q\">Mezi pra\u017eci, Tv Noe, leden 2020<\/a><\/li>\n<li><a href=\"https:\/\/www.ceskatelevize.cz\/porady\/1148499747-sama-doma\/319291310030016\/video\/733080?fbclid=IwAR2JA-t8FmSZZXEUrviwcMLfvNRbST3rAI2mJCsB-I8yF6vPiSjOLDd_ngw\">\u010cT1 po\u0159ad Sama doma, \u017eiv\u00e9 vys\u00edl\u00e1n\u00ed ze dne 15.11.2019<\/a><\/li>\n<li><a href=\"http:\/\/www.mestohudby.cz\/publicistika\/rozhovory\/klara-vesela-doba-soutezi-je-za-mnou\">Rozhovor s Milanem Tesa\u0159em pro hudebn\u00ed port\u00e1l www.mestohudby.cz\u00a0 4.12.2019<\/a><\/li>\n<li><a href=\"https:\/\/www.proglas.cz\/program\/detail-poradu\/2019-11-13-19-15-00\/?fbclid=IwAR3KRVFTeB4SMPaFmEVDy9uRnNLn8_fcbwXlyNg3u9O8k4Gk5mEKPBbvcJg\">R\u00e1dio Proglas, rozhovor s Milanem Tesa\u0159em a pov\u00edd\u00e1n\u00ed o CD Delicia 2019<\/a><\/li>\n<li><a href=\"https:\/\/brno.rozhlas.cz\/host-apetytu-klara-vesela-8077562?fbclid=IwAR2zR0CIgIOdweMovP8egEg4cTz4dWckwHd-wgbG-n6K2YMNVaGhJhWPp_w#player=on\">Rozhovor v po\u0159adu Apet\u00fdt, \u010cesk\u00fd rozhlas, 2019<\/a><\/li>\n<li><a href=\"https:\/\/www.proglas.cz\/program\/detail-poradu\/2017-05-10-19-15-00\/\">R\u00e1dio Proglas\/2017, s Martinem Ky\u0161persk\u00fdm o CD Hr\u00e1t a zp\u00edvat<\/a><\/li>\n<\/ul>\n<h3><\/h3>\n<h3><strong>Kl\u00e1ra Vesel\u00e1 (medium)<\/strong><\/h3>\n<p class=\"p1\">is a Czech accordionist, singer, composer, and accordion teacher.<\/p>\n<p class=\"p1\" style=\"text-align: justify;\">She studied accordion and singing at Brno Conservatory and the Musicology at Masaryk University.<span class=\"Apple-converted-space\">\u00a0 <\/span>Kl\u00e1ra is mostly influenced by Moravian folk, Argentine tango, and by French chanson. She participated in many international and Czech accordion festivals, competitions and workshops led by international artists. Kl\u00e1ra released several CDs:<span class=\"Apple-converted-space\">\u00a0 <\/span>Vlnohran\u00ed (2012), Hr\u00e1t a zp\u00edvat (2017), Delicia (2019) and Hladina (2020). For all the songs of the last three CDs she wrote lyrics and composed music.<span class=\"Apple-converted-space\">\u00a0 <\/span>She has published a collection of compositions for small accordionists called Vesel\u00fd akordeon (Happy Accordion) and Vesel\u00fd akordeon d\u011btem (Happy Accordion for Children). She teaches music courses for children and adults and creates original Czech accordion video schools. She is very successful in concert activities. As a guest, she collaborates with artists and bands of various genres with whom she has performed or recorded CDs (Chantal Poulain, Joel Bros, Indigo Quartet\u2026). As an accordionist, she has cooperated with several theatres in the Czech Republic. Her new music project is focused on chanson songs. She is accompanied by a guitarist Luciano Mayaci.<span class=\"s1\"><span class=\"Apple-converted-space\">\u00a0<\/span><\/span><\/p>\n<h3><strong>Kl\u00e1ra Vesel\u00e1 (mini)<\/strong><\/h3>\n<p class=\"p1\" style=\"text-align: justify;\">is a Czech accordionist, singer, composer, and accordion teacher. She studied accordion and singing at Brno Conservatory and the Musicology at Masaryk University.<span class=\"Apple-converted-space\">\u00a0 <\/span>Kl\u00e1ra is mostly influenced by Moravian folk, Argentine tango, and by French chanson. Her new music project is focused on chanson songs. She is accompanied by a guitarist Luciano Mayaci.<\/p>\n<p><a href=\"http:\/\/klaraakordeon.cz\/wp-content\/uploads\/2021\/05\/Klara-Vesela-BIO-EN-pdf..pdf\">Kl\u00e1ra Vesel\u00e1 BIO EN pdf.<\/a><\/p>\n<p>Projects:<\/p>\n<p><a href=\"http:\/\/klaraakordeon.cz\/wp-content\/uploads\/2017\/04\/Solo-project-EN-2021.pdf\">Solo project EN 2021<\/a><\/p>\n<p><a href=\"http:\/\/klaraakordeon.cz\/wp-content\/uploads\/2017\/04\/Kla\u0301ra-Vesela\u0301-a-Luciano-Mayaci-promo-EN.pdf\">Kla\u0301ra Vesela\u0301 a Luciano Mayaci EN<\/a><\/p>\n<\/div>\n","protected":false},"excerpt":{"rendered":"<p>\u00a0Kl\u00e1ra Vesel\u00e1 \u00a0is a Czech accordionist, singer, composer, and accordion teacher. \u201cI love singing and playing the accordion. Giving concerts is my huge passion.\u201d She studied accordion and singing at Brno Conservatory and the Musicology at Masaryk University. Kl\u00e1ra is mostly influenced by Moravian folk, Argentine tango, and by French[&#8230;]<\/p>\n","protected":false},"author":1,"featured_media":0,"parent":0,"menu_order":0,"comment_status":"closed","ping_status":"closed","template":"","meta":{"_seopress_robots_primary_cat":"","_seopress_titles_title":"","_seopress_titles_desc":"","_seopress_robots_index":"","footnotes":""},"class_list":["post-2981","page","type-page","status-publish","hentry"],"_links":{"self":[{"href":"https:\/\/klaraakordeon.cz\/en\/wp-json\/wp\/v2\/pages\/2981","targetHints":{"allow":["GET"]}}],"collection":[{"href":"https:\/\/klaraakordeon.cz\/en\/wp-json\/wp\/v2\/pages"}],"about":[{"href":"https:\/\/klaraakordeon.cz\/en\/wp-json\/wp\/v2\/types\/page"}],"author":[{"embeddable":true,"href":"https:\/\/klaraakordeon.cz\/en\/wp-json\/wp\/v2\/users\/1"}],"replies":[{"embeddable":true,"href":"https:\/\/klaraakordeon.cz\/en\/wp-json\/wp\/v2\/comments?post=2981"}],"version-history":[{"count":0,"href":"https:\/\/klaraakordeon.cz\/en\/wp-json\/wp\/v2\/pages\/2981\/revisions"}],"wp:attachment":[{"href":"https:\/\/klaraakordeon.cz\/en\/wp-json\/wp\/v2\/media?parent=2981"}],"curies":[{"name":"wp","href":"https:\/\/api.w.org\/{rel}","templated":true}]}}